{"id":604,"date":"2023-05-05T15:13:46","date_gmt":"2023-05-05T15:13:46","guid":{"rendered":"https:\/\/www.neuropsicologiadelbenessere.it\/?page_id=604"},"modified":"2023-05-19T17:53:08","modified_gmt":"2023-05-19T17:53:08","slug":"statuto","status":"publish","type":"page","link":"https:\/\/www.neuropsicologiadelbenessere.it\/index.php\/associazione\/statuto\/","title":{"rendered":"Statuto"},"content":{"rendered":"<p><div id='full_slider_1'  class='avia-fullwidth-slider main_color avia-shadow   avia-builder-el-0  el_before_av_section  avia-builder-el-first   container_wrap sidebar_left'  ><div  class='avia-slideshow av-lhs2hcvf-bc764c30244bca1fd0a5e80524e87c0d avia-slideshow-no scaling av_slideshow_full avia-fade-slider av-slideshow-ui av-control-hidden av-no-slider-navigation av-hide-nav-arrows av-slideshow-autoplay av-loop-endless av-loop-manual-endless av-default-height-applied   avia-slideshow-1' data-slideshow-options=\"{&quot;animation&quot;:&quot;fade&quot;,&quot;autoplay&quot;:true,&quot;loop_autoplay&quot;:&quot;endless&quot;,&quot;interval&quot;:5,&quot;loop_manual&quot;:&quot;manual-endless&quot;,&quot;autoplay_stopper&quot;:false,&quot;noNavigation&quot;:true,&quot;bg_slider&quot;:false,&quot;keep_padding&quot;:false,&quot;hoverpause&quot;:false,&quot;show_slide_delay&quot;:0}\"  itemprop=\"image\" itemscope=\"itemscope\" itemtype=\"https:\/\/schema.org\/ImageObject\" ><ul class='avia-slideshow-inner ' style='padding-bottom: 33.59375%;'><li  class='avia-slideshow-slide av-lhs2hcvf-bc764c30244bca1fd0a5e80524e87c0d__0  av-single-slide slide-1 slide-odd'><div data-rel='slideshow-1' class='avia-slide-wrap '   ><img decoding=\"async\" class=\"wp-image-1354 avia-img-lazy-loading-not-1354\"  src=\"https:\/\/www.neuropsicologiadelbenessere.it\/wp-content\/uploads\/2023\/05\/SiNdeB-slide-statuto.jpg\" width=\"2560\" height=\"860\" title='SiNdeB-slide-statuto' alt=''  itemprop=\"thumbnailUrl\" srcset=\"https:\/\/www.neuropsicologiadelbenessere.it\/wp-content\/uploads\/2023\/05\/SiNdeB-slide-statuto.jpg 2560w, https:\/\/www.neuropsicologiadelbenessere.it\/wp-content\/uploads\/2023\/05\/SiNdeB-slide-statuto-300x101.jpg 300w, https:\/\/www.neuropsicologiadelbenessere.it\/wp-content\/uploads\/2023\/05\/SiNdeB-slide-statuto-1030x346.jpg 1030w, https:\/\/www.neuropsicologiadelbenessere.it\/wp-content\/uploads\/2023\/05\/SiNdeB-slide-statuto-768x258.jpg 768w, https:\/\/www.neuropsicologiadelbenessere.it\/wp-content\/uploads\/2023\/05\/SiNdeB-slide-statuto-1536x516.jpg 1536w, https:\/\/www.neuropsicologiadelbenessere.it\/wp-content\/uploads\/2023\/05\/SiNdeB-slide-statuto-2048x688.jpg 2048w, https:\/\/www.neuropsicologiadelbenessere.it\/wp-content\/uploads\/2023\/05\/SiNdeB-slide-statuto-1500x504.jpg 1500w, https:\/\/www.neuropsicologiadelbenessere.it\/wp-content\/uploads\/2023\/05\/SiNdeB-slide-statuto-705x237.jpg 705w\" sizes=\"(max-width: 2560px) 100vw, 2560px\" \/><\/div><\/li><\/ul><\/div><\/div><br \/>\n<div id='av_section_1'  class='avia-section av-mduzb-f1f860905abbab39de26acaee6b672e5 main_color avia-section-large avia-no-border-styling  avia-builder-el-1  el_after_av_slideshow_full  avia-builder-el-last  avia-bg-style-scroll container_wrap sidebar_left'  ><div class='container av-section-cont-open' ><div class='template-page content  av-content-small units'><div class='post-entry post-entry-type-page post-entry-604'><div class='entry-content-wrapper clearfix'>\n\n<style type=\"text\/css\" data-created_by=\"avia_inline_auto\" id=\"style-css-av-lwmor-b395fc2f83906c6189745db7f0213944\">\n#top .av-special-heading.av-lwmor-b395fc2f83906c6189745db7f0213944{\npadding-bottom:0px;\n}\nbody .av-special-heading.av-lwmor-b395fc2f83906c6189745db7f0213944 .av-special-heading-tag .heading-char{\nfont-size:25px;\n}\n.av-special-heading.av-lwmor-b395fc2f83906c6189745db7f0213944 .av-subheading{\nfont-size:17px;\n}\n<\/style>\n<div  class='av-special-heading av-lwmor-b395fc2f83906c6189745db7f0213944 av-special-heading-h2 blockquote modern-quote modern-centered  avia-builder-el-2  el_before_av_hr  avia-builder-el-first '><div class='av-subheading av-subheading_above'><p>STATUTO<\/p>\n<\/div><h2 class='av-special-heading-tag'  itemprop=\"headline\"  >SOCIET\u00c0 ITALIANA NEUROPSICOLOGIA DEL BENESSERE<\/h2><div class=\"special-heading-border\"><div class=\"special-heading-inner-border\"><\/div><\/div><\/div>\n\n<style type=\"text\/css\" data-created_by=\"avia_inline_auto\" id=\"style-css-av-l2xeb-483c96ed622490d81846d1ec48a5e8ba\">\n#top .hr.av-l2xeb-483c96ed622490d81846d1ec48a5e8ba{\nmargin-top:5px;\nmargin-bottom:5px;\n}\n.hr.av-l2xeb-483c96ed622490d81846d1ec48a5e8ba .hr-inner{\nwidth:50px;\nborder-color:#169fb8;\n}\n<\/style>\n<div  class='hr av-l2xeb-483c96ed622490d81846d1ec48a5e8ba hr-custom  avia-builder-el-3  el_after_av_heading  el_before_av_textblock  hr-center hr-icon-no'><span class='hr-inner inner-border-av-border-fat'><span class=\"hr-inner-style\"><\/span><\/span><\/div>\n<section  class='av_textblock_section av-lhapkai4-2c4481863396074cb0176cbf284f9992'  itemscope=\"itemscope\" itemtype=\"https:\/\/schema.org\/CreativeWork\" ><div class='avia_textblock'  itemprop=\"text\" ><p style=\"text-align: center;\">La Societ\u00e0 Italiana Neuropsicologia Del Benessere \u00e8 un\u2019associazione\u00a0di promozione sociale (o APS).<\/p>\n<p style=\"text-align: center;\">Statuto di associazione non riconosciuta\u00a0 costituita in forma di ente di terzo settore ai sensi del d.lgs. 117\/2017<\/p>\n<\/div><\/section>\n\n<style type=\"text\/css\" data-created_by=\"avia_inline_auto\" id=\"style-css-av-lhapxck6-810b24ea7e6e3c993e2997a1fcda66f0\">\n#top .hr.hr-invisible.av-lhapxck6-810b24ea7e6e3c993e2997a1fcda66f0{\nheight:35px;\n}\n<\/style>\n<div  class='hr av-lhapxck6-810b24ea7e6e3c993e2997a1fcda66f0 hr-invisible  avia-builder-el-5  el_after_av_textblock  el_before_av_toggle_container '><span class='hr-inner '><span class=\"hr-inner-style\"><\/span><\/span><\/div>\n<div  class='togglecontainer av-lhumr4vy-3dd03921ffde00f5b808310a11c0406c av-elegant-toggle  avia-builder-el-6  el_after_av_hr  el_before_av_hr  toggle_close_all' >\n<section class='av_toggle_section av-av_toggle-6c8932758529c0def15a155a38d0dbbe'  itemscope=\"itemscope\" itemtype=\"https:\/\/schema.org\/CreativeWork\" ><div role=\"tablist\" class=\"single_toggle\" data-tags=\"{All} \"  ><h2 data-fake-id='#toggle-id-1' class='toggler   '  itemprop=\"headline\"  role='tab' tabindex='0' aria-controls='toggle-id-1'>Art. 1 \u2013 Denominazione, sede e durata<span class=\"toggle_icon\"><span class=\"vert_icon\"><\/span><span class=\"hor_icon\"><\/span><\/span><\/h2><div id='toggle-id-1' class='toggle_wrap  '  ><div class='toggle_content invers-color '  itemprop=\"text\" ><ol>\n<li>\u00c8 costituita, l\u2019associazione denominata \u201cSociet\u00e0 Italiana Neuropsicologi del Benessere \u2013 Associazione di Promozione Sociale (o APS)\u201d di seguito, in breve, \u201cS.I.N.de.B.\u201d. L\u2019associazione \u00e8 un Ente del Terzo settore, \u00e8 disciplinata dal presente statuto e agisce nei limiti del D.Lgs. 117\/2017.<\/li>\n<li>La dizione Associazione di Promozione Sociale e l\u2019acronimo APS sono utilizzabili solo ed esclusivamente a seguito del riconoscimento e della conservazione della qualifica da parte dell\u2019istituzione preposta.<\/li>\n<li>L\u2019ordinamento interno dell\u2019associazione \u00e8 ispirato a criteri di democraticit\u00e0, di uguaglianza dei diritti e delle pari opportunit\u00e0 di tutti gli associati, ne favorisce la partecipazione sociale senza limiti a condizioni economiche e senza discriminazioni di qualsiasi natura.<\/li>\n<li>L\u2019associazione ha sede legale nel Comune di\u00a0<strong>Gallarate<\/strong>\u00a0e la sua durata \u00e8 illimitata.<\/li>\n<li>Il trasferimento della sede legale all\u2019interno dello stesso Comune non comporta modifica statutaria e pu\u00f2 essere deliberata dal consiglio direttivo.<\/li>\n<\/ol>\n<\/div><\/div><\/div><\/section>\n<section class='av_toggle_section av-av_toggle-fedb16acc5750a19fb9c65048d945834'  itemscope=\"itemscope\" itemtype=\"https:\/\/schema.org\/CreativeWork\" ><div role=\"tablist\" class=\"single_toggle\" data-tags=\"{All} \"  ><h2 data-fake-id='#toggle-id-2' class='toggler   '  itemprop=\"headline\"  role='tab' tabindex='0' aria-controls='toggle-id-2'>Art. 2 \u2013 Finalit\u00e0<span class=\"toggle_icon\"><span class=\"vert_icon\"><\/span><span class=\"hor_icon\"><\/span><\/span><\/h2><div id='toggle-id-2' class='toggle_wrap  '  ><div class='toggle_content invers-color '  itemprop=\"text\" ><ol>\n<li>L\u2019associazione non ha scopo di lucro e persegue finalit\u00e0 civiche, solidaristiche e di utilit\u00e0 sociale. In particolare intende:\n<ul>\n<li>avviare, in proprio e in partenariato con Universit\u00e0, Centri Studi, Enti di ricerca, Scuole, nazionali e straniere, corsi e percorsi di formazione ed alta formazione sulle tematiche inerenti alla salute mentale, al benessere psicologico, e allo studio clinico e non-clinico degli individui e delle organizzazioni in cui sono inseriti;<\/li>\n<li>contribuire all\u2019avviarsi di percorsi di promozione del benessere per la persona, gruppi di persone e organizzazioni, inseriti nei propri contesti e traiettorie di vita;<\/li>\n<li>favorire l\u2019aggregarsi di tutte le realt\u00e0 associative private o istituzionali che condividono i medesimi valori, al fine di rafforzare la cultura e la progettualit\u00e0 per il raggiungimento delle finalit\u00e0 e degli scopi proposti;<\/li>\n<li>promuovere, laddove possibile, alleanze strategiche pubblico-privato finalizzate al supporto integrale della persona, delle aziende, dei territori, attraverso nuovi modelli di presa in carico globale dei soggetti;<\/li>\n<li>promuovere la cultura della relazionalit\u00e0 tra persone, territori, aziende, amministrazioni, tanto a livello locale quanto globale, per le realizzazioni di diffuse reti virtuose internazionali;<\/li>\n<li>avviare partenariati con aziende pubbliche e private, enti locali e pubbliche amministrazioni, istituti scolastici, universit\u00e0 ed enti di ricerca, soggetti del III settore;<\/li>\n<li>curare e promuovere la pubblicazione di studi, ricerche, saggi e documenti, in formato editoriale tradizionale e digitale, a mezzo stampa, video e web, relativamente alla neuropsicologia del benessere;<\/li>\n<li>promuovere la diffusione e l\u2019adozione consapevole dei principi del Codice Deontologico degli Psicologi Italiani, in modo da incoraggiare una visione deontologicamente strutturata della figura dello psicologo nei suoi contesti di azione professionale;<\/li>\n<li>aderire, promuovere e contribuire all\u2019attivit\u00e0 di altre Associazioni, Enti e Organizzazioni, nazionali, estere o internazionali, aventi scopi e finalit\u00e0 analoghi, compatibili o complementari ai propri;<\/li>\n<li>promuovere, proporre e gestire, in proprio e in partenariato, attivit\u00e0 culturali, turistiche e ricettive per i propri associati, nel rispetto delle vigenti normative di settore;<\/li>\n<li>promuovere, proporre e gestire, in proprio e in partenariato, attivit\u00e0 rivolte alle giovani generazioni (infanzia, adolescenza, giovent\u00f9), per il coinvolgimento responsabile nella costruzione di un futuro all\u2019insegna del benessere psicologico, nel rispetto delle vigenti normative di settore;<\/li>\n<li>aderire, promuovere, organizzare e svolgere ogni altra attivit\u00e0 ritenuta comunque inerente, necessaria o utile al perseguimento degli obiettivi dell\u2019Associazione.<\/li>\n<\/ul>\n<\/li>\n<\/ol>\n<\/div><\/div><\/div><\/section>\n<section class='av_toggle_section av-av_toggle-ef651034eae8a253183cde77b4bdfc74'  itemscope=\"itemscope\" itemtype=\"https:\/\/schema.org\/CreativeWork\" ><div role=\"tablist\" class=\"single_toggle\" data-tags=\"{All} \"  ><h2 data-fake-id='#toggle-id-3' class='toggler   '  itemprop=\"headline\"  role='tab' tabindex='0' aria-controls='toggle-id-3'>Art 3 \u2013 Attivit\u00e0 di interesse generale<span class=\"toggle_icon\"><span class=\"vert_icon\"><\/span><span class=\"hor_icon\"><\/span><\/span><\/h2><div id='toggle-id-3' class='toggle_wrap  '  ><div class='toggle_content invers-color '  itemprop=\"text\" ><ol>\n<li>L\u2019associazione, nel perseguire le finalit\u00e0 di cui sopra, svolge in via esclusiva o principale attivit\u00e0 di interesse generale, di cui all\u2019art. 5, comma 1 del D.Lgs 117\/2017, nello specifico riconducibili alle lettere: a, b, c, d, h, i,<\/li>\n<li>In particolare l\u2019associazione si propone di: Promuovere una cultura della neuropsicologia del benessere per il singolo, i gruppi e le organizzazioni, diffondere e formare la popolazione riguardo alla neuropsicologia del benessere, attivit\u00e0 di ricerca e progettazione, formazione specifica e diffusione della cultura neuropsicologica attraverso attivit\u00e0 esperienziali.<\/li>\n<li>Le attivit\u00e0 di cui ai commi precedenti sono svolte in favore dei propri associati, di loro familiari o di terzi, avvalendosi in modo prevalente dell\u2019attivit\u00e0 di volontariato dei propri associati o delle persone aderenti agli enti associati.<\/li>\n<li>L\u2019associazione pu\u00f2 assumere lavoratori dipendenti o avvalersi di prestazioni di lavoro autonomo o di altra natura, anche dei propri associati, che non svolgono attivit\u00e0 di volontariato, solo quando ci\u00f2 sia necessario ai fini dello svolgimento dell\u2019attivit\u00e0 di cui ai commi precedenti e al perseguimento delle finalit\u00e0 dell\u2019associazione. In ogni caso, il numero dei lavoratori impiegati nell\u2019attivit\u00e0 non pu\u00f2 essere superiore al cinquanta per cento del numero dei volontari o al cinque per cento del numero degli associati.<\/li>\n<\/ol>\n<\/div><\/div><\/div><\/section>\n<section class='av_toggle_section av-av_toggle-e41bf8d4153c0b989c6bd8c2bae806fa'  itemscope=\"itemscope\" itemtype=\"https:\/\/schema.org\/CreativeWork\" ><div role=\"tablist\" class=\"single_toggle\" data-tags=\"{All} \"  ><h2 data-fake-id='#toggle-id-4' class='toggler   '  itemprop=\"headline\"  role='tab' tabindex='0' aria-controls='toggle-id-4'>Art. 4 \u2013 Attivit\u00e0 diverse<span class=\"toggle_icon\"><span class=\"vert_icon\"><\/span><span class=\"hor_icon\"><\/span><\/span><\/h2><div id='toggle-id-4' class='toggle_wrap  '  ><div class='toggle_content invers-color '  itemprop=\"text\" ><ol>\n<li>L\u2019associazione pu\u00f2 esercitare attivit\u00e0 diverse da quelle di interesse generale individuate nell\u2019art. 3 purch\u00e9 assumano carattere strumentale e secondario nel pieno rispetto di quanto stabilito dall\u2019art. 6 del D.Lgs. 117\/2017 e relativi provvedimenti attuativi. Spetta al consiglio direttivo l\u2019individuazione di dettaglio di tali attivit\u00e0.<\/li>\n<\/ol>\n<\/div><\/div><\/div><\/section>\n<section class='av_toggle_section av-av_toggle-b4f5b4fb6d650c36b0f0e8eb711a7619'  itemscope=\"itemscope\" itemtype=\"https:\/\/schema.org\/CreativeWork\" ><div role=\"tablist\" class=\"single_toggle\" data-tags=\"{All} \"  ><h2 data-fake-id='#toggle-id-5' class='toggler   '  itemprop=\"headline\"  role='tab' tabindex='0' aria-controls='toggle-id-5'>Art. 5 \u2013 Raccolta fondi<span class=\"toggle_icon\"><span class=\"vert_icon\"><\/span><span class=\"hor_icon\"><\/span><\/span><\/h2><div id='toggle-id-5' class='toggle_wrap  '  ><div class='toggle_content invers-color '  itemprop=\"text\" ><ol>\n<li>L\u2019associazione pu\u00f2 realizzare attivit\u00e0 di raccolta fondi anche in forma organizzata e continuativa al fine di finanziare le proprie attivit\u00e0 di interesse generale e nel rispetto dei principi di verit\u00e0, trasparenza e correttezza nei rapporti con i sostenitori e con il pubblico.<\/li>\n<\/ol>\n<\/div><\/div><\/div><\/section>\n<section class='av_toggle_section av-av_toggle-efdd74f0974cb15fd3490260eb05f9af'  itemscope=\"itemscope\" itemtype=\"https:\/\/schema.org\/CreativeWork\" ><div role=\"tablist\" class=\"single_toggle\" data-tags=\"{All} \"  ><h2 data-fake-id='#toggle-id-6' class='toggler   '  itemprop=\"headline\"  role='tab' tabindex='0' aria-controls='toggle-id-6'>Art. 6 \u2013 Ammissione<span class=\"toggle_icon\"><span class=\"vert_icon\"><\/span><span class=\"hor_icon\"><\/span><\/span><\/h2><div id='toggle-id-6' class='toggle_wrap  '  ><div class='toggle_content invers-color '  itemprop=\"text\" ><ol>\n<li>Possono aderire all\u2019associazione tutte le persone fisiche che, interessate alla realizzazione delle finalit\u00e0 istituzionali, ne condividono lo spirito e gli ideali.<\/li>\n<li>L\u2019associazione pu\u00f2 prevedere come associati anche l\u2019ammissione di altri Enti di Terzo settore o senza scopo di lucro a condizione che il loro numero non sia superiore al cinquanta per cento del numero delle associazioni di promozione sociale associate.<\/li>\n<li>Il numero degli associati \u00e8 illimitato ma, in ogni caso, non pu\u00f2 essere inferiore al minimo stabilito dal Codice del Terzo Settore.<\/li>\n<li>I soci sono suddivisi in fondatori, ordinari, sostenitori e onorari:\n<ul>\n<li><em>Ordinari<\/em>: versano la quota di iscrizione annualmente stabilita dall\u2019Assemblea.<\/li>\n<li><em>Sostenitori<\/em>: oltre alla quota ordinaria, erogano contribuzioni volontarie straordinarie a sostegno delle attivit\u00e0 dell\u2019Associazione.<\/li>\n<li><em>Fondatori<\/em>: sono coloro che hanno costituito l\u2019Associazione contribuendo personalmente al suo avvio; in seguito, versano la quota di iscrizione annualmente stabilita. Il titolo di Fondatore \u00e8 vitalizio e non pu\u00f2 essere revocato se non su esplicita richiesta del Socio o a seguito di atti gravi che integrano i criteri della\u00a0<em>Radiazione<\/em>;<\/li>\n<li><em>Onorari<\/em>: titolo meritorio concesso a personalit\u00e0 ritenute di spicco per le discipline e le attivit\u00e0 sostenute dall\u2019Associazione, nonch\u00e9 a coloro che si sono distinti per particolari meriti a favore della stessa. Non versano quote associative, fatti salvo i contributi volontari, e sono nominati dal Presidente in carica e dagli organi dell\u2019Associazione su istanza del Direttivo, sentito il parere del Comitato Scientifico e del Collegio di Garanzia, dopo opportuna votazione e ratifica dell\u2019Assemblea dei Soci.<\/li>\n<\/ul>\n<li>L\u2019ammissione alla associazione \u00e8 deliberata dal consiglio direttivo, comunicata all\u2019interessato e annotata nel libro degli associati.<\/li>\n<li>L\u2019interessato, ricevuta la comunicazione di rigetto, ha sessanta giorni per chiedere che si pronunci l\u2019Assemblea o il Collegio dei Garanti (se istituito) in occasione della prima convocazione utile.<\/li>\n<li>In caso di non ammissione, l\u2019interessato pu\u00f2 presentare ricorso, entro i successivi sessanta giorni, al Collegio dei Garanti (se nominato, altrimenti al Consiglio Direttivo), il quale provvede ad informare il Presidente e successivamente, con delibera dello stesso, a convocare l\u2019Assemblea dei Soci. In tale sede, una volta presentate dal Consiglio Direttivo le ragioni per la non ammissione,<\/li>\n<li>Sono escluse partecipazioni temporanee alla vita dell\u2019Associazione.<\/li>\n<li>In seguito al versamento della quota associativa, si ha l\u2019iscrizione del Socio nel Libro Soci nella categoria di competenza.<\/li>\n<\/li>\n<\/ol>\n<\/div><\/div><\/div><\/section>\n<section class='av_toggle_section av-av_toggle-dcda31bd63c86a5ae36add80a2b57133'  itemscope=\"itemscope\" itemtype=\"https:\/\/schema.org\/CreativeWork\" ><div role=\"tablist\" class=\"single_toggle\" data-tags=\"{All} \"  ><h2 data-fake-id='#toggle-id-7' class='toggler   '  itemprop=\"headline\"  role='tab' tabindex='0' aria-controls='toggle-id-7'>Art. 7 \u2013 Diritti e doveri dei soci<span class=\"toggle_icon\"><span class=\"vert_icon\"><\/span><span class=\"hor_icon\"><\/span><\/span><\/h2><div id='toggle-id-7' class='toggle_wrap  '  ><div class='toggle_content invers-color '  itemprop=\"text\" ><ol>\n<li>I soci sono chiamati a contribuire alle spese annuali dell\u2019associazione con la quota associativa ed eventuali contributi finalizzati allo svolgimento delle attivit\u00e0 associative. Tali contributi non hanno carattere patrimoniale e sono deliberati dall\u2019Assemblea\/dal consiglio direttivo.<\/li>\n<li>La quota associativa \u00e8 annuale, non \u00e8 trasferibile, non \u00e8 restituibile in caso di recesso, di scioglimento, di decesso o di perdita della qualit\u00e0 di associato e deve essere versata entro il termine stabilito dal consiglio direttivo\/dall\u2019Assemblea.<\/li>\n<li>L\u2019associazione garantisce uguali diritti e doveri a ciascun socio escludendo ogni forma di discriminazione.<\/li>\n<li>Ciascun associato ha diritto:\n<ul>\n<li>di partecipare alle Assemblee, di esprimere il proprio voto in Assemblea direttamente o per delega e di presentare la propria candidatura agli organi sociali;<\/li>\n<li>di essere informato sulle attivit\u00e0 dell\u2019associazione e controllarne l\u2019andamento;<\/li>\n<li>di partecipare alle attivit\u00e0 promosse dall\u2019associazione;<\/li>\n<li>di conoscere l\u2019ordine del giorno delle Assemblee;<\/li>\n<li>di recedere in qualsiasi momento;<\/li>\n<li>di esaminare i libri sociali, secondo le modalit\u00e0 previste dal regolamento interno o da apposita delibera del consiglio direttivo.<\/li>\n<\/ul>\n<\/li>\n<li>Ciascun associato ha il dovere di:\n<ul>\n<li>rispettare il presente statuto, gli eventuali regolamenti e, quanto deliberato dagli organi sociali;<\/li>\n<li>attivarsi, compatibilmente con le proprie disponibilit\u00e0 personali per il conseguimento dello scopo;<\/li>\n<li>versare la quota associativa secondo l\u2019importo stabilito dal consiglio direttivo\/dall\u2019Assemblea.<\/li>\n<\/ul>\n<\/li>\n<\/ol>\n<\/div><\/div><\/div><\/section>\n<section class='av_toggle_section av-av_toggle-3065792ba48720ae4f274b322ebceaab'  itemscope=\"itemscope\" itemtype=\"https:\/\/schema.org\/CreativeWork\" ><div role=\"tablist\" class=\"single_toggle\" data-tags=\"{All} \"  ><h2 data-fake-id='#toggle-id-8' class='toggler   '  itemprop=\"headline\"  role='tab' tabindex='0' aria-controls='toggle-id-8'>Art. 8 \u2013 Perdita della qualifica di socio <span class=\"toggle_icon\"><span class=\"vert_icon\"><\/span><span class=\"hor_icon\"><\/span><\/span><\/h2><div id='toggle-id-8' class='toggle_wrap  '  ><div class='toggle_content invers-color '  itemprop=\"text\" ><ol>\n<li><span data-contrast=\"auto\">La qualit\u00e0 di socio si perde in caso di decesso, recesso, scioglimento o esclusione.<\/span><\/li>\n<li><span data-contrast=\"auto\">L\u2019associato pu\u00f2 in ogni momento recedere senza oneri dall\u2019associazione dandone comunicazione scritta al consiglio direttivo. Il recesso non comporta la restituzione della quota associativa o di altre somme eventualmente versate all\u2019associazione. Le dimissioni diventano effettive nel momento in cui la comunicazione perviene al consiglio direttivo, ma permangono in capo all\u2019associato le obbligazioni eventualmente assunte nei confronti dell\u2019associazione.<\/span><\/li>\n<li><b><\/b><span data-contrast=\"auto\">L\u2019associato, che contravviene ai doveri stabiliti dallo statuto o alle decisioni deliberate dagli organi sociali, pu\u00f2 essere escluso dall\u2019associazione stessa.<\/span><\/li>\n<li><b><\/b><span data-contrast=\"auto\">La perdita di qualifica di associato \u00e8 deliberata dal consiglio direttivo.<\/span><\/li>\n<li><span data-contrast=\"auto\">La delibera del consiglio direttivo che prevede l\u2019esclusione dell\u2019associato deve essere comunicata al soggetto interessato il quale, entro trenta (30) giorni da tale comunicazione, pu\u00f2 ricorrere o all\u2019Assemblea degli associati o al Collegio dei Garanti se istituito mediante raccomandata o posta elettronica certificata (PEC) inviata al Presidente dell\u2019Associazione.<\/span><\/li>\n<li><span data-contrast=\"auto\">L\u2019Assemblea o il Collegio dei Garanti delibera solo dopo aver ascoltato, con il metodo del contraddittorio, gli argomenti portati a sua difesa dall\u2019interessato<\/span><b><span data-contrast=\"auto\">.<\/span><\/b><\/li>\n<li><b><\/b><span data-contrast=\"auto\">Il Socio che contravviene ai doveri stabiliti dallo Statuto dell\u2019Associazione o che, con il suo comportamento, porta discredito all\u2019Associazione pu\u00f2 essere sanzionato con delibera motivata adottata dal Collegio di Garanzia.<\/span><\/li>\n<li><b><\/b><span data-contrast=\"auto\">Le sanzioni progressive, disposte dal Collegio di Garanzia (Cfr. Art. 15) sono:\u00a0\u00a0<\/span><span data-contrast=\"auto\">Censura scritta;<\/span><span data-ccp-props=\"{\">\u00a0<\/span><span data-contrast=\"auto\">Sospensione temporanea;<\/span><span data-ccp-props=\"{\">\u00a0<\/span><span data-contrast=\"auto\">Esclusione;<\/span><span data-ccp-props=\"{\">\u00a0<\/span><span data-contrast=\"auto\">Radiazione.<\/span><\/li>\n<\/ol>\n<\/div><\/div><\/div><\/section>\n<section class='av_toggle_section av-av_toggle-8638e20c3323a6b069d4a3a88652755c'  itemscope=\"itemscope\" itemtype=\"https:\/\/schema.org\/CreativeWork\" ><div role=\"tablist\" class=\"single_toggle\" data-tags=\"{All} \"  ><h2 data-fake-id='#toggle-id-9' class='toggler   '  itemprop=\"headline\"  role='tab' tabindex='0' aria-controls='toggle-id-9'>Art. 9 \u2013 Attivit\u00e0 di volontariato<span class=\"toggle_icon\"><span class=\"vert_icon\"><\/span><span class=\"hor_icon\"><\/span><\/span><\/h2><div id='toggle-id-9' class='toggle_wrap  '  ><div class='toggle_content invers-color '  itemprop=\"text\" ><ol>\n<li>L\u2019attivit\u00e0 di volontariato \u00e8 prestata in modo personale, spontaneo e gratuito, senza fine di lucro neppure indiretto ed esclusivamente per fini di solidariet\u00e0.<\/li>\n<li>Le prestazioni fornite dai volontari sono a titolo gratuito e non possono essere retribuite neppure dal beneficiario. Ai volontari possono essere rimborsate soltanto le spese effettivamente sostenute e documentate per le attivit\u00e0 prestate, nei limiti e alle condizioni definite con apposita delibera dal consiglio direttivo*. Le attivit\u00e0 dei volontari sono incompatibili con qualsiasi forma di lavoro subordinato e autonomo e con ogni altro rapporto di contenuto patrimoniale con l\u2019associazione.<\/li>\n<\/ol>\n<\/div><\/div><\/div><\/section>\n<section class='av_toggle_section av-lhumr4ag-f55ed345ee81a59b6ad6c42f1b9525b5'  itemscope=\"itemscope\" itemtype=\"https:\/\/schema.org\/CreativeWork\" ><div role=\"tablist\" class=\"single_toggle\" data-tags=\"{All} \"  ><h2 data-fake-id='#toggle-id-10' class='toggler   '  itemprop=\"headline\"  role='tab' tabindex='0' aria-controls='toggle-id-10'> Art. 10 \u2013 Organi sociali<span class=\"toggle_icon\"><span class=\"vert_icon\"><\/span><span class=\"hor_icon\"><\/span><\/span><\/h2><div id='toggle-id-10' class='toggle_wrap  '  ><div class='toggle_content invers-color '  itemprop=\"text\" ><ol>\n<li>Gli organi dell\u2019associazione sono:\n<ul>\n<li>l\u2019Assemblea dei soci;<\/li>\n<li>il consiglio direttivo;<\/li>\n<li>il presidente;<\/li>\n<li>l\u2019organo di controllo, nei casi previsti dalla legge;<\/li>\n<li>Il Collegio dei Garanti, se nominato.<\/li>\n<li>Gli organi sociali, l\u2019organo di controllo ed il Collegio dei Garanti hanno la durata di 4 (quattro) esercizi e i loro componenti possono essere riconfermati.<\/li>\n<li>Fatta eccezione per l\u2019organo di controllo, i componenti degli organi sociali non percepiscono alcun compenso. Ad essi possono, tuttavia, essere rimborsate le spese effettivamente sostenute e documentate per l\u2019attivit\u00e0 prestata ai fini dello svolgimento della loro funzione.<\/li>\n<\/ul>\n<\/li>\n<\/ol>\n<\/div><\/div><\/div><\/section>\n<section class='av_toggle_section av-av_toggle-36578f3090b924ff9665d55559137583'  itemscope=\"itemscope\" itemtype=\"https:\/\/schema.org\/CreativeWork\" ><div role=\"tablist\" class=\"single_toggle\" data-tags=\"{All} \"  ><h2 data-fake-id='#toggle-id-11' class='toggler   '  itemprop=\"headline\"  role='tab' tabindex='0' aria-controls='toggle-id-11'>Art. 11 \u2013 Assemblea<span class=\"toggle_icon\"><span class=\"vert_icon\"><\/span><span class=\"hor_icon\"><\/span><\/span><\/h2><div id='toggle-id-11' class='toggle_wrap  '  ><div class='toggle_content invers-color '  itemprop=\"text\" ><ol>\n<li>L\u2019associazione \u00e8 dotata di un ordinamento democratico che garantisce la partecipazione, il pluralismo e l\u2019uguaglianza dei soci.<\/li>\n<li>L\u2019Assemblea \u00e8 l\u2019organo sovrano dell\u2019associazione ed \u00e8 composta da tutti gli associati. Essa \u00e8 il luogo fondamentale di confronto, atto ad assicurare una corretta gestione dell\u2019associazione. Ogni socio ha diritto ad esprimere un voto<strong><sub>.<\/sub><\/strong><\/li>\n<li>Agli Enti associati possono essere attribuiti pi\u00f9 voti, sino ad un massimo di cinque, in proporzione al numero dei loro associati. La determinazione del numero dei voti agli Enti associati e il criterio della proporzionalit\u00e0 \u00e8 definito nel regolamento interno.<\/li>\n<li>L\u2019Assemblea \u00e8 presieduta dal presidente dell\u2019associazione o, in sua assenza, dal vicepresidente.<\/li>\n<li>I soci possono farsi rappresentare in Assemblea solo da altri soci, conferendo loro delega scritta. Ciascun associato pu\u00f2 rappresentare fino ad un massimo di tre associati.<\/li>\n<li>Non pu\u00f2 essere conferita la delega ad un componente del consiglio direttivo o di altro organo sociale.<\/li>\n<li>Sono ammessi al voto gli associati che hanno acquisito tale qualifica dal momento della approvazione del consiglio direttivo.<\/li>\n<\/ol>\n<\/div><\/div><\/div><\/section>\n<section class='av_toggle_section av-av_toggle-a9a471e58ad1180866e81f318de96803'  itemscope=\"itemscope\" itemtype=\"https:\/\/schema.org\/CreativeWork\" ><div role=\"tablist\" class=\"single_toggle\" data-tags=\"{All} \"  ><h2 data-fake-id='#toggle-id-12' class='toggler   '  itemprop=\"headline\"  role='tab' tabindex='0' aria-controls='toggle-id-12'>Art. 12 \u2013 Competenze dell\u2019Assemblea<span class=\"toggle_icon\"><span class=\"vert_icon\"><\/span><span class=\"hor_icon\"><\/span><\/span><\/h2><div id='toggle-id-12' class='toggle_wrap  '  ><div class='toggle_content invers-color '  itemprop=\"text\" ><ol>\n<li>L\u2019Assemblea ordinaria ha il compito di:\n<ul>\n<li>eleggere e revocare i componenti del consiglio direttivo scegliendoli tra i propri associati;<\/li>\n<li>eleggere e revocare, quando previsto dalla legge, i componenti dell\u2019organo di controllo e\/o il soggetto incaricato della revisione legale dei conti;<\/li>\n<li>approvare il programma di attivit\u00e0 e il preventivo economico per l\u2019anno successivo;<\/li>\n<li>approvare il bilancio consuntivo e la relazione sulle attivit\u00e0 svolte;<\/li>\n<li>deliberare in merito alla responsabilit\u00e0 dei componenti del consiglio direttivo ed a conseguenti azioni di responsabilit\u00e0 nei loro confronti in caso di danni, di qualunque tipo, derivanti da loro comportamenti contrari allo statuto o alla legge;<\/li>\n<li>deliberare, quando richiesto e, in ultima istanza, sui provvedimenti di rigetto della domanda di adesione all\u2019associazione e di esclusione degli associati, garantendo ad esso la pi\u00f9 ampia garanzia di contraddittorio*;<\/li>\n<li>ratificare i provvedimenti di competenza dell\u2019Assemblea adottati dal consiglio direttivo per motivi di urgenza;<\/li>\n<li>approvare eventuali regolamenti interno predisposti dal consiglio direttivo;<\/li>\n<li>fissare l\u2019ammontare del contributo associativo**;<\/li>\n<li>deliberare sugli altri oggetti attribuiti dalla legge, dall\u2019atto costitutivo o dallo statuto alla sua competenza.<\/li>\n<\/ul>\n<\/li>\n<li>L\u2019Assemblea straordinaria ha il compito di:\n<ul>\n<li>deliberare sulle modificazioni dello statuto;<\/li>\n<li>deliberare lo scioglimento, la trasformazione, la fusione o la scissione dell\u2019associazione.<\/li>\n<\/ul>\n<\/li>\n<\/ol>\n<\/div><\/div><\/div><\/section>\n<section class='av_toggle_section av-av_toggle-b9081dd8090582ba77703d172cc27f90'  itemscope=\"itemscope\" itemtype=\"https:\/\/schema.org\/CreativeWork\" ><div role=\"tablist\" class=\"single_toggle\" data-tags=\"{All} \"  ><h2 data-fake-id='#toggle-id-13' class='toggler   '  itemprop=\"headline\"  role='tab' tabindex='0' aria-controls='toggle-id-13'>Art. 13 \u2013 Convocazione dell\u2019Assemblea<span class=\"toggle_icon\"><span class=\"vert_icon\"><\/span><span class=\"hor_icon\"><\/span><\/span><\/h2><div id='toggle-id-13' class='toggle_wrap  '  ><div class='toggle_content invers-color '  itemprop=\"text\" ><ol>\n<li>L\u2019Assemblea \u00e8 convocata dal Presidente dell\u2019associazione in via ordinaria, almeno una volta all\u2019anno, e comunque ogni qualvolta si renda necessaria per le esigenze dell\u2019associazione.<\/li>\n<li>L\u2019Assemblea si riunisce, altres\u00ec, su convocazione del presidente o su richiesta motivata e firmata da almeno un decimo (1\/10) degli associati, oppure da almeno un terzo (1\/3) dei componenti del consiglio direttivo.<\/li>\n<li>L\u2019Assemblea \u00e8 convocata, almeno dieci (10) giorni* prima della riunione, mediante comunicazione scritta dell\u2019avviso di convocazione inviata tramite lettera, oppure tramite mezzo anche elettronico che accerti la ricezione della comunicazione da parte dei destinatari, e mediante affissione**, nello stesso termine, presso la sede dell\u2019associazione. L\u2019avviso di convocazione deve contenere l\u2019indicazione dell\u2019ordine del giorno, della modalit\u00e0, del luogo, dell\u2019ora e della data dell\u2019adunanza.<\/li>\n<\/ol>\n<\/div><\/div><\/div><\/section>\n<section class='av_toggle_section av-av_toggle-37deacd3d99dd7259db567b475c62e2e'  itemscope=\"itemscope\" itemtype=\"https:\/\/schema.org\/CreativeWork\" ><div role=\"tablist\" class=\"single_toggle\" data-tags=\"{All} \"  ><h2 data-fake-id='#toggle-id-14' class='toggler   '  itemprop=\"headline\"  role='tab' tabindex='0' aria-controls='toggle-id-14'> Art. 14 \u2013 Validit\u00e0 dell\u2019Assemblea e modalit\u00e0 di voto<span class=\"toggle_icon\"><span class=\"vert_icon\"><\/span><span class=\"hor_icon\"><\/span><\/span><\/h2><div id='toggle-id-14' class='toggle_wrap  '  ><div class='toggle_content invers-color '  itemprop=\"text\" ><ol>\n<li>L\u2019Assemblea ordinaria \u00e8 regolarmente costituita, in prima convocazione, con la presenza della met\u00e0 pi\u00f9 uno degli associati presenti in proprio o per delega e, in seconda convocazione, qualunque sia il numero degli associati presenti in proprio o per delega.<\/li>\n<li>L\u2019Assemblea ordinaria delibera validamente con il voto favorevole della maggioranza degli associati presenti.<\/li>\n<li>L\u2019Assemblea straordinaria \u00e8 convocata per deliberare in merito alla modifica dello Statuto o allo scioglimento e liquidazione dell\u2019Associazione.<\/li>\n<li>Fatto salvo quanto previsto dal comma successivo, l\u2019Assemblea straordinaria delibera con la presenza della maggioranza assoluta dei soci, in proprio o per delega, iscritti nell\u2019apposito libro dei soci e il voto favorevole dei tre quarti (3\/4) dei presenti.<\/li>\n<li>In caso di scioglimento, l\u2019Assemblea straordinaria delibera con il voto favorevole di almeno i tre quarti (3\/4) dei soci, in proprio o per delega, iscritti nell\u2019apposito libro dei soci.<\/li>\n<li>L\u2019Assemblea pu\u00f2 tenersi per audio e\/o video conferenza, a condizione che siano rispettati il metodo collegiale, i principi di buona fede e di parit\u00e0 di trattamento dei soci e che sia consentito di accertare l\u2019identit\u00e0 e legittimazione degli intervenuti, di verbalizzare correttamente gli interventi e di discutere e votare simultaneamente sugli argomenti all\u2019ordine del giorno.<\/li>\n<li>All\u2019apertura di ogni seduta, l\u2019Assemblea elegge un segretario il quale redige il verbale e lo sottoscrive unitamente al Presidente.<\/li>\n<li>I componenti del consiglio direttivo non hanno diritto di voto nelle deliberazioni di approvazione del bilancio preventivo e consuntivo e della relazione sull\u2019attivit\u00e0 svolta e in quelle che riguardano la loro responsabilit\u00e0.<\/li>\n<li>Gli associati che abbiano un interesse in conflitto con quello della associazione, devono astenersi dalle relative deliberazioni.<\/li>\n<li>I voti sono palesi tranne che riguardino persone, nel qual caso si potr\u00e0 procedere, previa decisione a maggioranza dei presenti, a votazione segreta.<\/li>\n<li>\u00c8 possibile prevedere il voto per corrispondenza o in via elettronica a condizione che sia consentito di accertare l\u2019identit\u00e0 e la legittimazione dei votanti.<\/li>\n<li>Di ogni riunione dell\u2019Assemblea viene redatto un verbale che, sottoscritto dal Presidente e dal Segretario, \u00e8 conservato presso la sede dell\u2019associazione per la libera visione di tutti i soci e trascritto nel libro delle Assemblee dei soci. Le decisioni dell\u2019Assemblea sono impegnative per tutti i soci.<\/li>\n<\/ol>\n<\/div><\/div><\/div><\/section>\n<section class='av_toggle_section av-av_toggle-2e04272efa39ce1d168246e54c7d2a59'  itemscope=\"itemscope\" itemtype=\"https:\/\/schema.org\/CreativeWork\" ><div role=\"tablist\" class=\"single_toggle\" data-tags=\"{All} \"  ><h2 data-fake-id='#toggle-id-15' class='toggler   '  itemprop=\"headline\"  role='tab' tabindex='0' aria-controls='toggle-id-15'>Art. 15 \u2013 Consiglio direttivo<span class=\"toggle_icon\"><span class=\"vert_icon\"><\/span><span class=\"hor_icon\"><\/span><\/span><\/h2><div id='toggle-id-15' class='toggle_wrap  '  ><div class='toggle_content invers-color '  itemprop=\"text\" ><ol>\n<li>Il consiglio direttivo \u00e8 l\u2019organo di governo e di amministrazione dell\u2019associazione. Il potere di rappresentanza attribuito agli amministratori \u00e8 generale. Le limitazioni del potere di rappresentanza non sono opponibili ai terzi se non sono iscritte nel Registro unico nazionale del Terzo settore o se non si prova che i terzi ne erano a conoscenza*.<\/li>\n<li>Esso opera in attuazione degli indirizzi statutari nonch\u00e9 delle volont\u00e0 e degli indirizzi generali dell\u2019Assemblea alla quale risponde direttamente e dalla quale pu\u00f2 essere revocato.<\/li>\n<li>Il consiglio direttivo \u00e8 formato da un minimo di 7 ad un massimo di 15 componenti, eletti dall\u2019Assemblea tra gli associati*. Il consiglio direttivo elegge tra i suoi componenti il presidente e il vicepresidente.<\/li>\n<li>Non pu\u00f2 essere nominato consigliere, e se nominato decade dal suo ufficio, l\u2019interdetto, l\u2019inabilitato, il fallito, o chi \u00e8 stato condannato ad una pena che importa l\u2019interdizione, anche temporanea, dai pubblici uffici o l\u2019incapacit\u00e0 ad esercitare uffici direttivi.<\/li>\n<li>I componenti del consiglio direttivo svolgono la loro attivit\u00e0 gratuitamente*, rimangono in carica per la durata di 4 (quattro) esercizi e possono essere rieletti.<\/li>\n<\/ol>\n<\/div><\/div><\/div><\/section>\n<section class='av_toggle_section av-av_toggle-1d571fc101509fb9caf87ccb41d96cf3'  itemscope=\"itemscope\" itemtype=\"https:\/\/schema.org\/CreativeWork\" ><div role=\"tablist\" class=\"single_toggle\" data-tags=\"{All} \"  ><h2 data-fake-id='#toggle-id-16' class='toggler   '  itemprop=\"headline\"  role='tab' tabindex='0' aria-controls='toggle-id-16'>Art. 16 \u2013 Competenze del consiglio direttivo<span class=\"toggle_icon\"><span class=\"vert_icon\"><\/span><span class=\"hor_icon\"><\/span><\/span><\/h2><div id='toggle-id-16' class='toggle_wrap  '  ><div class='toggle_content invers-color '  itemprop=\"text\" ><ol>\n<li>Il consiglio direttivo ha il compito di:\n<ul>\n<li>compiere tutti gli atti di ordinaria e straordinaria amministrazione ad eccezione di quelli che la legge o lo statuto riservano all\u2019Assemblea;<\/li>\n<li>deliberare in merito alle limitazioni del potere di rappresentanza dei consiglieri;<\/li>\n<li>amministrare, curando la realizzazione delle attivit\u00e0 sociali e disponendo delle risorse economiche;<\/li>\n<li>predisporre l\u2019eventuale regolamento interno per la disciplina del funzionamento e delle attivit\u00e0 dell\u2019associazione da sottoporre all\u2019approvazione dell\u2019Assemblea;<\/li>\n<li>predisporre e sottoporre all\u2019approvazione dell\u2019Assemblea il preventivo economico ed il programma di attivit\u00e0*;<\/li>\n<li>proporre, all\u2019interno della bozza del bilancio preventivo, l\u2019ammontare della quota associativa annuale;<\/li>\n<li>predisporre e sottoporre all\u2019approvazione dell\u2019Assemblea il bilancio consuntivo nonch\u00e9 la relazione sulle attivit\u00e0 svolte;<\/li>\n<li>determinare il programma di lavoro in base alle linee di indirizzo contenute nel programma generale approvato dall\u2019Assemblea, promuovendo e coordinando l\u2019attivit\u00e0 e autorizzando la spesa;<\/li>\n<li>adempiere alla tenuta e alla conservazione delle scritture contabili;<\/li>\n<li>accogliere o respingere le domande degli aspiranti soci;<\/li>\n<li>deliberare in merito all\u2019esclusione di soci;<\/li>\n<li>proporre all\u2019Assemblea ordinaria i provvedimenti disciplinari e di esclusione dei soci;<\/li>\n<li>eleggere il Presidente e il Vice Presidente o pi\u00f9 Vice Presidenti;<\/li>\n<li>nominare il Segretario e il Tesoriere o il Segretario\/Tesoriere che pu\u00f2 essere scelto anche tra le persone non componenti il consiglio direttivo oppure anche tra i non soci;<\/li>\n<li>ratificare, nella prima seduta successiva, i provvedimenti di competenza del Consiglio adottati dal Presidente per motivi di necessit\u00e0 e di urgenza;<\/li>\n<li>assumere il personale strettamente necessario per la continuit\u00e0 della gestione non assicurata dai soci e comunque nei limiti consentiti dalle disponibilit\u00e0 previste dal bilancio;<\/li>\n<li>istituire gruppi a sezioni di lavoro i cui coordinatori possono essere invitati a partecipare alle riunioni del Consiglio e alle Assemblee;<\/li>\n<li>nominare, all\u2019occorrenza, secondo le dimensioni assunte dall\u2019associazione, il Direttore deliberandone i relativi poteri**;<\/li>\n<li>delegare compiti e funzioni ad uno o pi\u00f9 componenti del Consiglio stesso;<\/li>\n<li>assumere ogni altra competenza non espressamente prevista nello statuto necessaria al buon funzionamento dell\u2019associazione e che non sia riservata dallo statuto o dalla legge, all\u2019Assemblea o ad altro organo sociale.<\/li>\n<\/ul>\n<\/li>\n<\/ol>\n<\/div><\/div><\/div><\/section>\n<section class='av_toggle_section av-av_toggle-5c4d1489e52a7b44d70fbaf8e6917562'  itemscope=\"itemscope\" itemtype=\"https:\/\/schema.org\/CreativeWork\" ><div role=\"tablist\" class=\"single_toggle\" data-tags=\"{All} \"  ><h2 data-fake-id='#toggle-id-17' class='toggler   '  itemprop=\"headline\"  role='tab' tabindex='0' aria-controls='toggle-id-17'>Art. 17 \u2013 Funzionamento del consiglio direttivo<span class=\"toggle_icon\"><span class=\"vert_icon\"><\/span><span class=\"hor_icon\"><\/span><\/span><\/h2><div id='toggle-id-17' class='toggle_wrap  '  ><div class='toggle_content invers-color '  itemprop=\"text\" ><ol>\n<li>Il consiglio direttivo \u00e8 validamente costituito quando \u00e8 presente la maggioranza dei componenti. Essi possono essere dichiarati decaduti, con apposita delibera assunta a maggioranza dal consiglio stesso, qualora si siano resi assenti ingiustificati alle riunioni del consiglio direttivo per tre volte consecutive. Il consiglio direttivo pu\u00f2 essere revocato dall\u2019Assemblea con delibera motivata assunta con la maggioranza dei due terzi (2\/3) degli associati.<\/li>\n<li>Il consiglio direttivo provvede alla sostituzione dei componenti decaduti o dimessi attraverso la nomina del primo tra i non eletti, e degli eventuali successivi secondo l\u2019ordine delle preferenze ricevute, e, se non \u00e8 possibile, il presidente convoca Assemblea per la nomina dei nuovi componenti. I componenti cos\u00ec nominati scadono con gli altri componenti.<\/li>\n<li>Il consiglio direttivo decade qualora la maggioranza dei suoi componenti sia dimissionaria. Il presidente convoca con urgenza l\u2019Assemblea per la nomina dei nuovi componenti.<\/li>\n<li>Il consiglio direttivo \u00e8 convocato, almeno otto (8) giorni* prima della riunione, mediante comunicazione scritta inviata tramite lettera, oppure inoltrata tramite mezzo elettronico che accerti la ricezione della comunicazione da parte dei destinatari. In caso di urgenza la convocazione potr\u00e0 essere inoltrata almeno due (2) giorni* prima della data prevista per la riunione.<\/li>\n<li>Il consiglio direttivo si riunisce, su convocazione del Presidente, almeno quattro volte l\u2019anno o quando ne faccia richiesta almeno un terzo (1\/3) dei componenti. In tale seconda ipotesi la riunione deve avvenire entro venti giorni dal ricevimento della richiesta.<\/li>\n<li>Le riunioni del consiglio direttivo si ritengono valide anche senza convocazione qualora siano presenti nel medesimo momento tutti i consiglieri e tutti i presenti concordano sulla validazione del momento.<\/li>\n<li>Alle riunioni possono essere invitati a partecipare esperti esterni e rappresentanti di eventuali sezioni interne di lavoro senza diritto di voto.<\/li>\n<li>Il consiglio direttivo pu\u00f2 tenersi per audio e\/o video conferenza, a condizione che sia consentito di accertare l\u2019identit\u00e0 e legittimazione degli intervenuti, di verbalizzare correttamente gli interventi e di discutere e votare simultaneamente sugli argomenti all\u2019ordine del giorno.<\/li>\n<li>Le deliberazioni sono assunte a maggioranza dei presenti. In caso di parit\u00e0 prevale il voto del presidente.<\/li>\n<li>Di ogni riunione del consiglio direttivo deve essere redatto il relativo verbale, sottoscritto dal Presidente e dal segretario all\u2019uopo nominato, e trascritto nel libro delle riunioni del consiglio direttivo.<\/li>\n<\/ol>\n<\/div><\/div><\/div><\/section>\n<section class='av_toggle_section av-av_toggle-327038e9e95e5f671cb7c4077f3f9e3e'  itemscope=\"itemscope\" itemtype=\"https:\/\/schema.org\/CreativeWork\" ><div role=\"tablist\" class=\"single_toggle\" data-tags=\"{All} \"  ><h2 data-fake-id='#toggle-id-18' class='toggler   '  itemprop=\"headline\"  role='tab' tabindex='0' aria-controls='toggle-id-18'>Art. 18 \u2013 Il presidente<span class=\"toggle_icon\"><span class=\"vert_icon\"><\/span><span class=\"hor_icon\"><\/span><\/span><\/h2><div id='toggle-id-18' class='toggle_wrap  '  ><div class='toggle_content invers-color '  itemprop=\"text\" ><ol>\n<li>Il presidente \u00e8 eletto a maggioranza dei voti dal consiglio direttivo tra i suoi componenti, dura in carica 2 (due) esercizi e pu\u00f2 essere rieletto.<\/li>\n<li>Il presidente:\n<ul>\n<li>ha la firma e la rappresentanza legale dell\u2019Associazione nei confronti di terzi e in giudizio;<\/li>\n<li>d\u00e0 esecuzione alle delibere del consiglio direttivo;<\/li>\n<li>pu\u00f2 aprire e chiudere conti correnti bancari\/postali ed \u00e8 autorizzato a eseguire incassi e accettazione di donazioni di ogni natura a qualsiasi titolo da Pubbliche Amministrazioni, da Enti e da Privati, rilasciandone liberatorie quietanze;<\/li>\n<li>ha la facolt\u00e0 di nominare avvocati e procuratori nelle liti attive e passive riguardanti l\u2019Associazione davanti a qualsiasi Autorit\u00e0 Giudiziaria e Amministrativa;<\/li>\n<li>convoca e presiede le riunioni dell\u2019Assemblea e del consiglio direttivo;<\/li>\n<li>sottoscrive tutti gli atti amministrativi compiuti dall\u2019Associazione;<\/li>\n<li>in caso di necessit\u00e0 e di urgenza assume i provvedimenti di competenza del consiglio direttivo, sottoponendoli a ratifica nella prima riunione successiva.<\/li>\n<\/ul>\n<\/li>\n<li>In caso di assenza, di impedimento o di cessazione le relative funzioni sono svolte dal Vice Presidente.<\/li>\n<li>Di fronte agli associati, ai terzi ed a tutti i pubblici uffici, la firma del Vice Presidente fa piena prova dell\u2019assenza per impedimento del Presidente.<\/li>\n<\/ol>\n<\/div><\/div><\/div><\/section>\n<section class='av_toggle_section av-av_toggle-694ba3ed3c39b4dd11495009397c2f3b'  itemscope=\"itemscope\" itemtype=\"https:\/\/schema.org\/CreativeWork\" ><div role=\"tablist\" class=\"single_toggle\" data-tags=\"{All} \"  ><h2 data-fake-id='#toggle-id-19' class='toggler   '  itemprop=\"headline\"  role='tab' tabindex='0' aria-controls='toggle-id-19'>Art. 19 \u2013 Organo di controllo<span class=\"toggle_icon\"><span class=\"vert_icon\"><\/span><span class=\"hor_icon\"><\/span><\/span><\/h2><div id='toggle-id-19' class='toggle_wrap  '  ><div class='toggle_content invers-color '  itemprop=\"text\" ><ol>\n<li>\u00a0L\u2019Assemblea nomina l\u2019Organo di controllo, anche monocratico, al ricorrere dei requisiti previsti dall\u2019art. 30, co. 2 del D.Lgs. n. 117\/2017 o, in mancanza di essi, qualora lo ritenga opportuno.<\/li>\n<li>I componenti dell\u2019Organo di controllo, ai quali si applica l\u2019art. 2399 del Codice civile, devono essere scelti tra le categorie di soggetti di cui al co. 2, art. 2397 del Codice civile. Nel caso di organo collegiale, i predetti requisiti devono essere posseduti da almeno uno dei componenti.<\/li>\n<li>L\u2019Organo di controllo vigila sull\u2019osservanza della Legge e dello Statuto e sul rispetto dei principi di corretta amministrazione, anche con riferimento alle disposizioni del D.Lgs. 8 giugno 2001, n. 231, qualora applicabili, nonch\u00e9 sulla adeguatezza dell\u2019assetto organizzativo, amministrativo e contabile e sul suo concreto funzionamento.<\/li>\n<li>L\u2019organo di controllo esercita inoltre compiti di monitoraggio dell\u2019osservanza delle finalit\u00e0 civiche, solidaristiche e di utilit\u00e0 sociale, ed attesta che l\u2019eventuale bilancio sociale sia stato redatto in conformit\u00e0 alle linee guida ministeriali. Il bilancio sociale d\u00e0 atto degli esiti del monitoraggio svolto dall\u2019organo di controllo. Le riunioni dell\u2019Organo di controllo sono validamente costituite quando \u00e8 presente la maggioranza dei suoi componenti e le deliberazioni vengono prese a maggioranza dei presenti.<\/li>\n<li>I componenti dell\u2019organo di controllo possono in qualsiasi momento procedere, anche individualmente, ad atti di ispezione e di controllo, e a tal fine, possono chiedere agli amministratori notizie sull\u2019andamento delle operazioni sociali o su determinati affari.<\/li>\n<li>Al superamento dei limiti di cui all\u2019art. 31 del Codice del Terzo Settore, la revisione legale dei conti \u00e8 attribuita all\u2019organo di controllo che in tal caso deve essere costituito da revisori legali iscritti nell\u2019apposito registro, salvo il caso in cui l\u2019Assemblea deliberi la nomina di un Revisore legale dei conti o una societ\u00e0 di revisione iscritti nell\u2019 apposito registro.<\/li>\n<\/ol>\n<\/div><\/div><\/div><\/section>\n<section class='av_toggle_section av-av_toggle-e6bb22febbfa392b5a6d103c59998488'  itemscope=\"itemscope\" itemtype=\"https:\/\/schema.org\/CreativeWork\" ><div role=\"tablist\" class=\"single_toggle\" data-tags=\"{All} \"  ><h2 data-fake-id='#toggle-id-20' class='toggler   '  itemprop=\"headline\"  role='tab' tabindex='0' aria-controls='toggle-id-20'>Art. 20 \u2013 Collegio dei Garanti<span class=\"toggle_icon\"><span class=\"vert_icon\"><\/span><span class=\"hor_icon\"><\/span><\/span><\/h2><div id='toggle-id-20' class='toggle_wrap  '  ><div class='toggle_content invers-color '  itemprop=\"text\" ><ol>\n<li>Il Collegio dei Garanti \u00e8 un organo\u00a0<em>super partes<\/em>\u00a0composto da cinque associate e\/o associati. Ciascuna\/ciascun componente resta in carica per la durata di anni cinque e pu\u00f2 essere rieletto.<\/li>\n<li>Il Collegio elegge al proprio interno una\/un Presidente.<\/li>\n<li>Il Collegio si occupa di deliberare sulle violazioni, da parte delle associate e degli associati, delle norme del presente statuto e su eventuali altre azioni quantunque non presenti esplicitamente nel testo ritenute tuttavia disdicevoli o disonorevoli nell\u2019ambito o al di fuori dell\u2019Associazione rilevanti ai fini del punto 5.3 (verificare comma).<\/li>\n<li>Il Collegio \u00e8 tenuto ad accogliere e valutare le istanze provenienti da tutti i Soci, nonch\u00e9 a fungere da Garante per il ricorso dei non Soci qualora non venissero ammessi nell\u2019Associazione. Qualora un membro del Collegio rilevasse in prima persona un\u2019istanza, egli dovrebbe comunque sottoporla ufficialmente tramite richiesta scritta, come un qualsiasi altro Socio.<\/li>\n<li>Il Collegio delibera riguardo il proscioglimento ovvero l\u2019adozione di uno dei seguenti provvedimenti:\n<ul>\n<li><em>Censura scritta<\/em>, consistente in un richiamo formale firmato dal Presidente dell\u2019Associazione e dal Presidente del Collegio di Garanzia a interrompere il comportamento ritenuto inidoneo;<\/li>\n<li><em>Sospensione temporanea<\/em>, consistente in una sospensione dal ruolo di Socio per un periodo non inferiore ai 4 mesi e comunque non superiore ai 12 mesi;<\/li>\n<li><em>Esclusione<\/em>, consistente nella espulsione dall\u2019Associazione, invocabile dal Collegio a seguito di fatti ritenuti gravissimi o a seguito della decorrenza dei 12 mesi massimi di sospensione temporanea senza che il comportamento ritenuto inidoneo sia cessato. Il Socio escluso pu\u00f2 chiedere il reintegro se il motivo del procedimento giunge a cessazione e comunque non prima dei 6 mesi dalla ratifica di esclusione;<\/li>\n<li><em>Radiazione<\/em>, consistente in una espulsione senza possibilit\u00e0 di reintegro. Essa si configura per comportamenti gravi e reiterati, nel qual caso \u00e8 comunque inapplicabile senza prima aver percorso i provvedimenti precedenti; pu\u00f2 essere decretata invece in maniera immediata e perentoria per comportamenti ritenuti altamente lesivi della persona, degli altri Soci e del nome stesso dell\u2019Associazione. \u00c8 questo il caso, a titolo esemplificativo ma non esaustivo, di azioni atte a procurare serio e intenzionale danno fisico verso uno o pi\u00f9 Soci o nel caso di illeciti penali a seguito di condanna in via definitiva.<\/li>\n<\/ul>\n<\/li>\n<li>Il Collegio dei Garanti, per l\u2019adozione dei provvedimenti di cui al comma precedente, dopo aver sentito le parti interessate e garantito il contraddittorio, fornir\u00e0 una decisione che \u00e8 da reputarsi definitiva.<\/li>\n<li>La decisione adottata \u00e8 comunicata al Consiglio Direttivo e al\/la Presidente e verr\u00e0 resa nota alle interessate\/agli interessati dalla\/dal Presidente entro i successivi trenta giorni.<\/li>\n<\/ol>\n<\/div><\/div><\/div><\/section>\n<section class='av_toggle_section av-av_toggle-a0478b6ee5e88d1eef855412ba515796'  itemscope=\"itemscope\" itemtype=\"https:\/\/schema.org\/CreativeWork\" ><div role=\"tablist\" class=\"single_toggle\" data-tags=\"{All} \"  ><h2 data-fake-id='#toggle-id-21' class='toggler   '  itemprop=\"headline\"  role='tab' tabindex='0' aria-controls='toggle-id-21'>Art. 21 \u2013 Libri sociali<span class=\"toggle_icon\"><span class=\"vert_icon\"><\/span><span class=\"hor_icon\"><\/span><\/span><\/h2><div id='toggle-id-21' class='toggle_wrap  '  ><div class='toggle_content invers-color '  itemprop=\"text\" ><ol>\n<li>L\u2019associazione ha l\u2019obbligo di tenere i seguenti libri sociali:\n<ul>\n<li>il libro degli associati;<\/li>\n<li>il libro delle adunanze e delle deliberazioni dell\u2019Assemblea;<\/li>\n<li>il libro delle adunanze e delle deliberazioni del consiglio direttivo;<\/li>\n<li>il libro delle adunanze e delle deliberazioni dell\u2019organo di controllo e di eventuali altri organi sociali (se istituiti);<\/li>\n<li>il registro dei volontari<sup>*<\/sup>.<\/li>\n<\/ul>\n<\/li>\n<li>I libri di cui alle lettere a), b), c), e) sono tenuti a cura del consiglio direttivo. I libri di cui alla lettera d) sono tenuti a cura dell\u2019organo a cui si riferiscono.<\/li>\n<li>I verbali di Assemblea e consiglio direttivo devono contenere la data, l\u2019ordine del giorno, la descrizione della discussione di ogni punto all\u2019ordine del giorno e i risultati di eventuali votazioni.<\/li>\n<li>Ogni verbale deve essere firmato da presidente e dal segretario.<\/li>\n<\/ol>\n<\/div><\/div><\/div><\/section>\n<section class='av_toggle_section av-av_toggle-2f88a523143887768d78f5d0106b832a'  itemscope=\"itemscope\" itemtype=\"https:\/\/schema.org\/CreativeWork\" ><div role=\"tablist\" class=\"single_toggle\" data-tags=\"{All} \"  ><h2 data-fake-id='#toggle-id-22' class='toggler   '  itemprop=\"headline\"  role='tab' tabindex='0' aria-controls='toggle-id-22'> Art. 22 \u2013 Risorse economiche<span class=\"toggle_icon\"><span class=\"vert_icon\"><\/span><span class=\"hor_icon\"><\/span><\/span><\/h2><div id='toggle-id-22' class='toggle_wrap  '  ><div class='toggle_content invers-color '  itemprop=\"text\" ><ol>\n<li>Le entrate economiche dell\u2019associazione sono rappresentate:\n<ul>\n<li>quote associative;<\/li>\n<li>contributi pubblici;<\/li>\n<li>contributi privati;<\/li>\n<li>donazioni e lasciti testamentari non destinati ad incremento del patrimonio;<\/li>\n<li>rendite patrimoniali;<\/li>\n<li>rimborsi derivanti da convenzioni;<\/li>\n<li>fondi pervenuti da raccolte pubbliche effettuate occasionalmente, anche mediante offerta di beni di modico valore e di servizi;<\/li>\n<li>entrate derivanti dallo svolgimento di attivit\u00e0 di interesse generale nelle modalit\u00e0 previste dall\u2019art. 79, comma 2;<\/li>\n<li>corrispettivi da soci e familiari per lo svolgimento di attivit\u00e0 di interesse generale;<\/li>\n<li>entrate derivanti da attivit\u00e0 effettuate ai sensi del c. 6 art. 85 del D.Lgs 117\/2017 svolte senza l\u2019impiego di mezzi organizzati professionalmente per fini di concorrenzialit\u00e0 sul mercato;<\/li>\n<li>altre entrate espressamente previste dalla legge;<\/li>\n<li>eventuali proventi da attivit\u00e0 diverse nel rispetto dei limiti imposti dalla legge o dai regolamenti.<\/li>\n<\/ul>\n<\/li>\n<\/ol>\n<\/div><\/div><\/div><\/section>\n<section class='av_toggle_section av-av_toggle-4701b0a5597ca0ab22d41c76eca55397'  itemscope=\"itemscope\" itemtype=\"https:\/\/schema.org\/CreativeWork\" ><div role=\"tablist\" class=\"single_toggle\" data-tags=\"{All} \"  ><h2 data-fake-id='#toggle-id-23' class='toggler   '  itemprop=\"headline\"  role='tab' tabindex='0' aria-controls='toggle-id-23'>Art. 23 \u2013 Esercizio sociale<span class=\"toggle_icon\"><span class=\"vert_icon\"><\/span><span class=\"hor_icon\"><\/span><\/span><\/h2><div id='toggle-id-23' class='toggle_wrap  '  ><div class='toggle_content invers-color '  itemprop=\"text\" ><ol>\n<li>L\u2019esercizio sociale inizia il 1\u00b0 gennaio di ogni anno per terminare il 31 dicembre successivo.<\/li>\n<li>Il bilancio consuntivo e la relazione sulle attivit\u00e0 svolte, nella quale si deve documentare il carattere secondario e strumentale delle attivit\u00e0 diverse se svolte, sono predisposti dal consiglio direttivo e deve essere approvato dall\u2019Assemblea entro 120\/180 giorni dalla chiusura dell\u2019esercizio.<\/li>\n<li>Il bilancio consuntivo deve essere redatto in conformit\u00e0 del Decreto Ministeriale di cui all\u2019art. 13, comma 3, del D.Lgs. 117\/2017.<\/li>\n<li>Nei medesimi termini di cui al comma 2, al superamento delle soglie di legge di cui all\u2019art. 14 del Codice del Terzo Settore, si prevede la predisposizione del bilancio sociale da parte del consiglio direttivo e l\u2019approvazione da parte dell\u2019Assemblea. Il bilancio sociale \u00e8 redatto secondo le linee guida indicate con decreto dal Ministro del lavoro e delle politiche sociali.<\/li>\n<li>La bozza del bilancio preventivo e del programma di attivit\u00e0 sono elaborati dal consiglio direttivo e devono essere discussi e approvati dall\u2019Assemblea entro il mese di maggio di ogni anno.<\/li>\n<\/ol>\n<\/div><\/div><\/div><\/section>\n<section class='av_toggle_section av-av_toggle-d0a54923f3e60ac6da37e9dbb6693313'  itemscope=\"itemscope\" itemtype=\"https:\/\/schema.org\/CreativeWork\" ><div role=\"tablist\" class=\"single_toggle\" data-tags=\"{All} \"  ><h2 data-fake-id='#toggle-id-24' class='toggler   '  itemprop=\"headline\"  role='tab' tabindex='0' aria-controls='toggle-id-24'>Art. 24 \u2013 Divieto di distribuzione degli utili<span class=\"toggle_icon\"><span class=\"vert_icon\"><\/span><span class=\"hor_icon\"><\/span><\/span><\/h2><div id='toggle-id-24' class='toggle_wrap  '  ><div class='toggle_content invers-color '  itemprop=\"text\" ><ol>\n<li>L\u2019associazione ha il divieto di distribuire, anche in modo indiretto, utili e avanzi di gestione nonch\u00e9 fondi, riserve comunque denominate o capitale durante la propria vita ai sensi dell\u2019art. 8 comma 2 del D.Lgs. 117\/2017.<\/li>\n<li>Il patrimonio dell\u2019associazione, comprensivo di ricavi, rendite, proventi e ogni altra eventuale tipologia di entrata \u00e8 utilizzato per lo svolgimento dell\u2019attivit\u00e0 statutaria ai fini dell\u2019esclusivo perseguimento di finalit\u00e0 civiche, solidaristiche e di utilit\u00e0 sociale.<\/li>\n<\/ol>\n<\/div><\/div><\/div><\/section>\n<section class='av_toggle_section av-av_toggle-82b6fd0f45b402fa9a9ec116dfe65990'  itemscope=\"itemscope\" itemtype=\"https:\/\/schema.org\/CreativeWork\" ><div role=\"tablist\" class=\"single_toggle\" data-tags=\"{All} \"  ><h2 data-fake-id='#toggle-id-25' class='toggler   '  itemprop=\"headline\"  role='tab' tabindex='0' aria-controls='toggle-id-25'>Art. 25 \u2013 Assicurazione dei volontari<span class=\"toggle_icon\"><span class=\"vert_icon\"><\/span><span class=\"hor_icon\"><\/span><\/span><\/h2><div id='toggle-id-25' class='toggle_wrap  '  ><div class='toggle_content invers-color '  itemprop=\"text\" ><ol>\n<li>Tutti i volontari che prestano attivit\u00e0 di volontariato devono essere assicurati per malattia e infortunio connessi allo svolgimento dell\u2019attivit\u00e0 di volontariato, nonch\u00e9 per la responsabilit\u00e0 civile verso i terzi.<\/li>\n<li>L\u2019associazione, ove lo ritenga opportuno e previa delibera del consiglio direttivo, pu\u00f2 assicurarsi per i danni derivanti da propria responsabilit\u00e0 contrattuale ed extracontrattuale.<\/li>\n<\/ol>\n<\/div><\/div><\/div><\/section>\n<section class='av_toggle_section av-av_toggle-95af7f72aa07ea360f1454c3f58db01d'  itemscope=\"itemscope\" itemtype=\"https:\/\/schema.org\/CreativeWork\" ><div role=\"tablist\" class=\"single_toggle\" data-tags=\"{All} \"  ><h2 data-fake-id='#toggle-id-26' class='toggler   '  itemprop=\"headline\"  role='tab' tabindex='0' aria-controls='toggle-id-26'>Art. 26 \u2013 Devoluzione del patrimonio<span class=\"toggle_icon\"><span class=\"vert_icon\"><\/span><span class=\"hor_icon\"><\/span><\/span><\/h2><div id='toggle-id-26' class='toggle_wrap  '  ><div class='toggle_content invers-color '  itemprop=\"text\" ><ol>\n<li>In caso di estinzione o scioglimento, il patrimonio residuo \u00e8 devoluto, previo parere dell\u2019Ufficio regionale del Registro unico nazionale del Terzo settore di cui all\u2019art. 45, comma 1, del D.Lgs. 117\/2017, e salva diversa destinazione imposta dalla legge, ad altro Ente del Terzo settore individuato dall\u2019Assemblea, che nomina il liquidatore, aventi analoga natura giuridica e analogo scopo. Nel caso l\u2019Assemblea non individui l\u2019ente cui devolvere il patrimonio residuo, il liquidatore provveder\u00e0 a devolverlo alla Fondazione Italia Sociale a norma dell\u2019art. 9, comma 1, del D.Lgs. 117\/2017.<\/li>\n<\/ol>\n<\/div><\/div><\/div><\/section>\n<section class='av_toggle_section av-av_toggle-bf340c1620f9688df987dda7f4a2a239'  itemscope=\"itemscope\" itemtype=\"https:\/\/schema.org\/CreativeWork\" ><div role=\"tablist\" class=\"single_toggle\" data-tags=\"{All} \"  ><h2 data-fake-id='#toggle-id-27' class='toggler   '  itemprop=\"headline\"  role='tab' tabindex='0' aria-controls='toggle-id-27'> Art. 27 \u2013 Disposizioni finali<span class=\"toggle_icon\"><span class=\"vert_icon\"><\/span><span class=\"hor_icon\"><\/span><\/span><\/h2><div id='toggle-id-27' class='toggle_wrap  '  ><div class='toggle_content invers-color '  itemprop=\"text\" ><ol>\n<li>Per quanto non \u00e8 previsto nel presente statuto si fa riferimento alle normative vigenti in materia ed ai principi generali dell\u2019ordinamento giuridico.<\/li>\n<\/ol>\n<\/div><\/div><\/div><\/section>\n<\/div>\n\n<style type=\"text\/css\" data-created_by=\"avia_inline_auto\" id=\"style-css-av-lhapwbbi-6d70f54741ce574e121bb98f0a2cbd98\">\n#top .hr.hr-invisible.av-lhapwbbi-6d70f54741ce574e121bb98f0a2cbd98{\nheight:25px;\n}\n<\/style>\n<div  class='hr av-lhapwbbi-6d70f54741ce574e121bb98f0a2cbd98 hr-invisible  avia-builder-el-7  el_after_av_toggle_container  avia-builder-el-last '><span class='hr-inner '><span class=\"hr-inner-style\"><\/span><\/span><\/div>\n<\/div><\/div><\/div><!-- close content main div --><\/div><\/div><div id='after_section_1'  class='main_color av_default_container_wrap container_wrap sidebar_left'  ><div class='container av-section-cont-open' ><div class='template-page content  av-content-small units'><div class='post-entry post-entry-type-page post-entry-604'><div class='entry-content-wrapper clearfix'><\/p>\n","protected":false},"excerpt":{"rendered":"","protected":false},"author":1,"featured_media":0,"parent":31,"menu_order":0,"comment_status":"closed","ping_status":"closed","template":"","meta":{"footnotes":""},"class_list":["post-604","page","type-page","status-publish","hentry"],"_links":{"self":[{"href":"https:\/\/www.neuropsicologiadelbenessere.it\/index.php\/wp-json\/wp\/v2\/pages\/604","targetHints":{"allow":["GET"]}}],"collection":[{"href":"https:\/\/www.neuropsicologiadelbenessere.it\/index.php\/wp-json\/wp\/v2\/pages"}],"about":[{"href":"https:\/\/www.neuropsicologiadelbenessere.it\/index.php\/wp-json\/wp\/v2\/types\/page"}],"author":[{"embeddable":true,"href":"https:\/\/www.neuropsicologiadelbenessere.it\/index.php\/wp-json\/wp\/v2\/users\/1"}],"replies":[{"embeddable":true,"href":"https:\/\/www.neuropsicologiadelbenessere.it\/index.php\/wp-json\/wp\/v2\/comments?post=604"}],"version-history":[{"count":53,"href":"https:\/\/www.neuropsicologiadelbenessere.it\/index.php\/wp-json\/wp\/v2\/pages\/604\/revisions"}],"predecessor-version":[{"id":1405,"href":"https:\/\/www.neuropsicologiadelbenessere.it\/index.php\/wp-json\/wp\/v2\/pages\/604\/revisions\/1405"}],"up":[{"embeddable":true,"href":"https:\/\/www.neuropsicologiadelbenessere.it\/index.php\/wp-json\/wp\/v2\/pages\/31"}],"wp:attachment":[{"href":"https:\/\/www.neuropsicologiadelbenessere.it\/index.php\/wp-json\/wp\/v2\/media?parent=604"}],"curies":[{"name":"wp","href":"https:\/\/api.w.org\/{rel}","templated":true}]}}